{"id":3,"date":"2021-03-01T13:40:25","date_gmt":"2021-03-01T13:40:25","guid":{"rendered":"http:\/\/antenasnavarra.es\/?page_id=3"},"modified":"2023-11-03T11:01:01","modified_gmt":"2023-11-03T10:01:01","slug":"politica-de-privacidad","status":"publish","type":"page","link":"https:\/\/antenasnavarra.es\/index.php\/politica-de-privacidad\/","title":{"rendered":"Pol\u00edtica de Privacidad"},"content":{"rendered":"\n<h2 class=\"wp-block-heading\"><strong>Pol\u00edtica de Privacidad<\/strong><\/h2>\n\n\n\n<p>ANTENAS NAVARRA, S.A. ha elaborado esta pol\u00edtica de privacidad con el fin de proporcionar a todos los interesados la m\u00e1s amplia informaci\u00f3n sobre los tratamientos de datos personales que realiza.<\/p>\n\n\n\n<p>Si cualquier persona que acceda a esta informaci\u00f3n no la comprende puede contactar con la direcci\u00f3n administracion@antenasnavarra.es donde le podr\u00e1n aclarar las cuestiones relativas al tratamiento de sus datos personales<\/p>\n\n\n\n<p><\/p>\n\n\n\n<div class=\"wp-block-group\"><div class=\"wp-block-group__inner-container is-layout-constrained wp-block-group-is-layout-constrained\">\n<span class=\"collapseomatic \" id=\"id69ef41ae0ace2\"  tabindex=\"0\" title=\"\u00bfQui\u00e9n es el responsable del tratamiento?\"    >\u00bfQui\u00e9n es el responsable del tratamiento?<\/span><div id=\"target-id69ef41ae0ace2\" class=\"collapseomatic_content \"><p>El responsable del tratamiento de los datos personales es ANTENAS NAVARRA, S.A. con domicilio en Traves\u00eda de Bayona, 1 1\u00baH, 31011 Pamplona (Navarra)<\/p>\n<p>Tel\u00e9fono: +34 9481254746<\/p>\n<p>Direcci\u00f3n de contacto: administracion@antenasnavarra.es<\/p><\/div>\n<\/div><\/div>\n\n\n\n<div class=\"wp-block-group\"><div class=\"wp-block-group__inner-container is-layout-constrained wp-block-group-is-layout-constrained\">\n<span class=\"collapseomatic \" id=\"id69ef41ae0ad81\"  tabindex=\"0\" title=\"\u00bfCon qu\u00e9 finalidad se tratan sus datos?\"    >\u00bfCon qu\u00e9 finalidad se tratan sus datos?<\/span><div id=\"target-id69ef41ae0ad81\" class=\"collapseomatic_content \"><p>Los tratamientos de datos personales que se recaban a trav\u00e9s de la Web tienen por finalidad atender las solicitudes de los interesados que se dirigen a la empresa para pedir un presupuesto o trasladar dudas o comentarios as\u00ed como para la gesti\u00f3n de la Newsletter para estar al tanto de tarifas y servicios.<\/p>\n\n<p>ANTENAS NAVARRA SA trata los datos de sus clientes \u00fanicamente con fines de gesti\u00f3n comercial y administrativa, necesaria para la ejecuci\u00f3n de la relaci\u00f3n contractual y para atender las obligaciones legales.<\/p>\n\n<p>Los datos de personas de contacto se utilizan para el desarrollo de la relaci\u00f3n negocial, para contactar con las personas interesadas en relaci\u00f3n con la actividad de nuestra empresa.<\/p><\/div>\n<\/div><\/div>\n\n\n\n<div class=\"wp-block-group\"><div class=\"wp-block-group__inner-container is-layout-constrained wp-block-group-is-layout-constrained\">\n<span class=\"collapseomatic \" id=\"id69ef41ae0add8\"  tabindex=\"0\" title=\"\u00bfCu\u00e1l es la base que legitima el tratamiento de datos?\"    >\u00bfCu\u00e1l es la base que legitima el tratamiento de datos?<\/span><div id=\"target-id69ef41ae0add8\" class=\"collapseomatic_content \"><p>La base jur\u00eddica que nos permite tratar los datos obtenidos a trav\u00e9s de la Web es el consentimiento (art. 6. 1.a. RGPD).)<\/p>\n\n<p>Los datos de clientes se tratan con base en la ejecuci\u00f3n del contrato y por obligaci\u00f3n legal (Art. 6.1.b y c RGPD)<\/p>\n\n<p>Los datos de las personas de contacto se tratan con base en la ejecuci\u00f3n de contrato, en el caso de los datos de contacto de clientes y con base en el inter\u00e9s leg\u00edtimo o el consentimiento.<\/p><\/div>\n<\/div><\/div>\n\n\n\n<div class=\"wp-block-group\"><div class=\"wp-block-group__inner-container is-layout-constrained wp-block-group-is-layout-constrained\">\n<span class=\"collapseomatic \" id=\"id69ef41ae0ae3b\"  tabindex=\"0\" title=\"\u00bfCu\u00e1nto tiempo conservamos los datos?\"    >\u00bfCu\u00e1nto tiempo conservamos los datos?<\/span><div id=\"target-id69ef41ae0ae3b\" class=\"collapseomatic_content \"><p>Los datos se conservar\u00e1n mientras se mantenga la finalidad del tratamiento y el inter\u00e9s por parte del titular de los datos, pudiendo revocarse el consentimiento en cualquier momento, no obstante es posible que se puedan mantener bloqueados para poder atender las responsabilidades derivadas del tratamiento durante los plazos legales de prescripci\u00f3n.<\/p>\n\n<p>Los datos de clientes se mantendr\u00e1n el tiempo necesario para atender las obligaciones legales y posibles responsabilidades derivadas del tratamiento.<\/p><\/div>\n<\/div><\/div>\n\n\n\n<div class=\"wp-block-group\"><div class=\"wp-block-group__inner-container is-layout-constrained wp-block-group-is-layout-constrained\">\n<span class=\"collapseomatic \" id=\"id69ef41ae0ae89\"  tabindex=\"0\" title=\"\u00bfA qui\u00e9n se comunican los datos personales?\"    >\u00bfA qui\u00e9n se comunican los datos personales?<\/span><div id=\"target-id69ef41ae0ae89\" class=\"collapseomatic_content \"><p>Ser\u00e1n destinatarios de los datos aquellas empresas o entidades con las que ANTENAS NAVARRA SA contrate alg\u00fan servicio que implique alg\u00fan tratamiento de datos, con base siempre en un contrato regulador que incluya las garant\u00edas legales en materia de protecci\u00f3n de datos.<\/p>\n\n<p>Los datos podr\u00e1n comunicarse tambi\u00e9n a terceros en supuestos de obligaci\u00f3n legal.<\/p><\/div>\n<\/div><\/div>\n\n\n\n<div class=\"wp-block-group\"><div class=\"wp-block-group__inner-container is-layout-constrained wp-block-group-is-layout-constrained\">\n<span class=\"collapseomatic \" id=\"id69ef41ae0aed7\"  tabindex=\"0\" title=\"\u00bfQu\u00e9 derechos tienen los interesados?\"    >\u00bfQu\u00e9 derechos tienen los interesados?<\/span><div id=\"target-id69ef41ae0aed7\" class=\"collapseomatic_content \"><p>\u00b7 Derecho a retirar el consentimiento en cualquier momento.<\/p>\n\n<p>\u00b7 Derecho de acceso, rectificaci\u00f3n, supresi\u00f3n y portabilidad de sus datos y a la limitaci\u00f3n u oposici\u00f3n a su tratamiento<\/p>\n<p>\u00b7 Derecho a presentar una reclamaci\u00f3n ante la autoridad de control (aepd.es) si considera que el tratamiento no se ajusta a la normativa vigente o a hacerlo previamente ante el delegado de protecci\u00f3n de datos en la direcci\u00f3n de contacto administracion@antenasnavarra.es (A la atenci\u00f3n del Delegado de protecci\u00f3n de datos)<\/p><\/div>\n<\/div><\/div>\n\n\n\n<div class=\"wp-block-group\"><div class=\"wp-block-group__inner-container is-layout-constrained wp-block-group-is-layout-constrained\">\n<span class=\"collapseomatic \" id=\"id69ef41ae0af20\"  tabindex=\"0\" title=\"Datos de contacto para ejercer sus derecho\"    >Datos de contacto para ejercer sus derecho<\/span><div id=\"target-id69ef41ae0af20\" class=\"collapseomatic_content \"><p>Traves\u00eda de Bayona, 1, 1\u00ba H 31011 Pamplona (Navarra)<\/p>\n\n<p>Tel\u00e9fono: +34 948254746<\/p>\n\n<p>Direcci\u00f3n de contacto: administracion@antenasnavarra.es<\/p><\/div>\n<\/div><\/div>\n\n\n\n<div class=\"wp-block-group\"><div class=\"wp-block-group__inner-container is-layout-constrained wp-block-group-is-layout-constrained\">\n<span class=\"collapseomatic \" id=\"id69ef41ae0af69\"  tabindex=\"0\" title=\"Actualizaci\u00f3n de la pol\u00edtica de privacidad\"    >Actualizaci\u00f3n de la pol\u00edtica de privacidad<\/span><div id=\"target-id69ef41ae0af69\" class=\"collapseomatic_content \"><p>ANTENAS NAVARRA, S.A. se reserva el derecho de modificar su pol\u00edtica de privacidad o condiciones de uso de sus servicios por motivos de adaptaci\u00f3n a la legislaci\u00f3n vigente, u otros motivos, cuando esto ocurra, avisaremos de cualquier cambio y pediremos volver a leer la versi\u00f3n m\u00e1s reciente de nuestra pol\u00edtica.<\/p>\n\n<p>Se asegura la absoluta confidencialidad y privacidad de los datos personales recogidos y por ello se han adoptado medidas de seguridad a fin de evitar la alteraci\u00f3n, p\u00e9rdida, tratamiento o acceso no autorizado, y garantizar as\u00ed su integridad, disponibilidad y seguridad. Sin embargo, ANTENAS NAVARRA, S.A. no ser\u00e1 responsable de las incidencias que puedan surgir en torno a datos personales cuando estas se deriven: bien de un ataque o acceso no autorizado a los sistemas de tal forma que resulte imposible detectarlo o impedirlo aun adopt\u00e1ndose las medidas seg\u00fan el estado de la tecnolog\u00eda actual.<\/p><\/div>\n<\/div><\/div>\n\n\n\n<div style=\"height:34px\" aria-hidden=\"true\" class=\"wp-block-spacer\"><\/div>\n\n\n\n<p>\u00daltima actualizaci\u00f3n el 30 de Junio de 2022<\/p>\n","protected":false},"excerpt":{"rendered":"<p>Pol\u00edtica de Privacidad ANTENAS NAVARRA, S.A. ha elaborado esta pol\u00edtica de privacidad con el fin de proporcionar a todos los interesados la m\u00e1s amplia informaci\u00f3n sobre los tratamientos de datos personales que realiza. Si cualquier persona que acceda a esta informaci\u00f3n no la comprende puede contactar con la direcci\u00f3n administracion@antenasnavarra.es donde le podr\u00e1n aclarar las [&#8230;]\n","protected":false},"author":1,"featured_media":0,"parent":0,"menu_order":0,"comment_status":"closed","ping_status":"closed","template":"","meta":{"_joinchat":[],"footnotes":""},"class_list":["post-3","page","type-page","status-publish","hentry"],"yoast_head":"<!-- This site is optimized with the Yoast SEO plugin v27.0 - https:\/\/yoast.com\/product\/yoast-seo-wordpress\/ -->\n<title>Pol\u00edtica de Privacidad - Antenas Navarra S.A.<\/title>\n<meta name=\"description\" content=\"Consulta los datos identificativos de la empresa, la ley de protecci\u00f3n de datos, las garant\u00edas y responsabilidades o contacta con nosotros.\" \/>\n<meta name=\"robots\" content=\"index, follow, max-snippet:-1, max-image-preview:large, max-video-preview:-1\" \/>\n<link rel=\"canonical\" href=\"https:\/\/antenasnavarra.es\/index.php\/politica-de-privacidad\/\" \/>\n<meta property=\"og:locale\" content=\"es_ES\" \/>\n<meta property=\"og:type\" content=\"article\" \/>\n<meta property=\"og:title\" content=\"Pol\u00edtica de Privacidad - Antenas Navarra S.A.\" \/>\n<meta property=\"og:description\" content=\"Consulta los datos identificativos de la empresa, la ley de protecci\u00f3n de datos, las garant\u00edas y responsabilidades o contacta con nosotros.\" \/>\n<meta property=\"og:url\" content=\"https:\/\/antenasnavarra.es\/index.php\/politica-de-privacidad\/\" \/>\n<meta property=\"og:site_name\" content=\"Antenas Navarra S.A.\" \/>\n<meta property=\"article:modified_time\" content=\"2023-11-03T10:01:01+00:00\" \/>\n<meta name=\"twitter:card\" content=\"summary_large_image\" \/>\n<meta name=\"twitter:label1\" content=\"Tiempo de lectura\" \/>\n\t<meta name=\"twitter:data1\" content=\"4 minutos\" \/>\n<script type=\"application\/ld+json\" class=\"yoast-schema-graph\">{\"@context\":\"https:\/\/schema.org\",\"@graph\":[{\"@type\":\"WebPage\",\"@id\":\"https:\/\/antenasnavarra.es\/index.php\/politica-de-privacidad\/\",\"url\":\"https:\/\/antenasnavarra.es\/index.php\/politica-de-privacidad\/\",\"name\":\"Pol\u00edtica de Privacidad - Antenas Navarra S.A.\",\"isPartOf\":{\"@id\":\"https:\/\/antenasnavarra.es\/#website\"},\"datePublished\":\"2021-03-01T13:40:25+00:00\",\"dateModified\":\"2023-11-03T10:01:01+00:00\",\"description\":\"Consulta los datos identificativos de la empresa, la ley de protecci\u00f3n de datos, las garant\u00edas y responsabilidades o contacta con nosotros.\",\"breadcrumb\":{\"@id\":\"https:\/\/antenasnavarra.es\/index.php\/politica-de-privacidad\/#breadcrumb\"},\"inLanguage\":\"es\",\"potentialAction\":[{\"@type\":\"ReadAction\",\"target\":[\"https:\/\/antenasnavarra.es\/index.php\/politica-de-privacidad\/\"]}]},{\"@type\":\"BreadcrumbList\",\"@id\":\"https:\/\/antenasnavarra.es\/index.php\/politica-de-privacidad\/#breadcrumb\",\"itemListElement\":[{\"@type\":\"ListItem\",\"position\":1,\"name\":\"Portada\",\"item\":\"https:\/\/antenasnavarra.es\/\"},{\"@type\":\"ListItem\",\"position\":2,\"name\":\"Pol\u00edtica de Privacidad\"}]},{\"@type\":\"WebSite\",\"@id\":\"https:\/\/antenasnavarra.es\/#website\",\"url\":\"https:\/\/antenasnavarra.es\/\",\"name\":\"Antenas Navarra S.A.\",\"description\":\"\",\"potentialAction\":[{\"@type\":\"SearchAction\",\"target\":{\"@type\":\"EntryPoint\",\"urlTemplate\":\"https:\/\/antenasnavarra.es\/?s={search_term_string}\"},\"query-input\":{\"@type\":\"PropertyValueSpecification\",\"valueRequired\":true,\"valueName\":\"search_term_string\"}}],\"inLanguage\":\"es\"}]}<\/script>\n<!-- \/ Yoast SEO plugin. -->","yoast_head_json":{"title":"Pol\u00edtica de Privacidad - Antenas Navarra S.A.","description":"Consulta los datos identificativos de la empresa, la ley de protecci\u00f3n de datos, las garant\u00edas y responsabilidades o contacta con nosotros.","robots":{"index":"index","follow":"follow","max-snippet":"max-snippet:-1","max-image-preview":"max-image-preview:large","max-video-preview":"max-video-preview:-1"},"canonical":"https:\/\/antenasnavarra.es\/index.php\/politica-de-privacidad\/","og_locale":"es_ES","og_type":"article","og_title":"Pol\u00edtica de Privacidad - Antenas Navarra S.A.","og_description":"Consulta los datos identificativos de la empresa, la ley de protecci\u00f3n de datos, las garant\u00edas y responsabilidades o contacta con nosotros.","og_url":"https:\/\/antenasnavarra.es\/index.php\/politica-de-privacidad\/","og_site_name":"Antenas Navarra S.A.","article_modified_time":"2023-11-03T10:01:01+00:00","twitter_card":"summary_large_image","twitter_misc":{"Tiempo de lectura":"4 minutos"},"schema":{"@context":"https:\/\/schema.org","@graph":[{"@type":"WebPage","@id":"https:\/\/antenasnavarra.es\/index.php\/politica-de-privacidad\/","url":"https:\/\/antenasnavarra.es\/index.php\/politica-de-privacidad\/","name":"Pol\u00edtica de Privacidad - Antenas Navarra S.A.","isPartOf":{"@id":"https:\/\/antenasnavarra.es\/#website"},"datePublished":"2021-03-01T13:40:25+00:00","dateModified":"2023-11-03T10:01:01+00:00","description":"Consulta los datos identificativos de la empresa, la ley de protecci\u00f3n de datos, las garant\u00edas y responsabilidades o contacta con nosotros.","breadcrumb":{"@id":"https:\/\/antenasnavarra.es\/index.php\/politica-de-privacidad\/#breadcrumb"},"inLanguage":"es","potentialAction":[{"@type":"ReadAction","target":["https:\/\/antenasnavarra.es\/index.php\/politica-de-privacidad\/"]}]},{"@type":"BreadcrumbList","@id":"https:\/\/antenasnavarra.es\/index.php\/politica-de-privacidad\/#breadcrumb","itemListElement":[{"@type":"ListItem","position":1,"name":"Portada","item":"https:\/\/antenasnavarra.es\/"},{"@type":"ListItem","position":2,"name":"Pol\u00edtica de Privacidad"}]},{"@type":"WebSite","@id":"https:\/\/antenasnavarra.es\/#website","url":"https:\/\/antenasnavarra.es\/","name":"Antenas Navarra S.A.","description":"","potentialAction":[{"@type":"SearchAction","target":{"@type":"EntryPoint","urlTemplate":"https:\/\/antenasnavarra.es\/?s={search_term_string}"},"query-input":{"@type":"PropertyValueSpecification","valueRequired":true,"valueName":"search_term_string"}}],"inLanguage":"es"}]}},"_links":{"self":[{"href":"https:\/\/antenasnavarra.es\/index.php\/wp-json\/wp\/v2\/pages\/3","targetHints":{"allow":["GET"]}}],"collection":[{"href":"https:\/\/antenasnavarra.es\/index.php\/wp-json\/wp\/v2\/pages"}],"about":[{"href":"https:\/\/antenasnavarra.es\/index.php\/wp-json\/wp\/v2\/types\/page"}],"author":[{"embeddable":true,"href":"https:\/\/antenasnavarra.es\/index.php\/wp-json\/wp\/v2\/users\/1"}],"replies":[{"embeddable":true,"href":"https:\/\/antenasnavarra.es\/index.php\/wp-json\/wp\/v2\/comments?post=3"}],"version-history":[{"count":33,"href":"https:\/\/antenasnavarra.es\/index.php\/wp-json\/wp\/v2\/pages\/3\/revisions"}],"predecessor-version":[{"id":50284,"href":"https:\/\/antenasnavarra.es\/index.php\/wp-json\/wp\/v2\/pages\/3\/revisions\/50284"}],"wp:attachment":[{"href":"https:\/\/antenasnavarra.es\/index.php\/wp-json\/wp\/v2\/media?parent=3"}],"curies":[{"name":"wp","href":"https:\/\/api.w.org\/{rel}","templated":true}]}}